{"id":26497,"date":"2022-09-29T13:15:05","date_gmt":"2022-09-29T11:15:05","guid":{"rendered":"https:\/\/www.esnautic.com\/projectes-educatius\/setmana-del-mar\/convocatoria\/"},"modified":"2026-01-08T14:29:35","modified_gmt":"2026-01-08T13:29:35","slug":"convocatoria","status":"publish","type":"page","link":"https:\/\/www.esnautic.com\/ca\/projectes-educatius\/setmana-del-mar\/convocatoria\/","title":{"rendered":"Convocat\u00f2ria 2026"},"content":{"rendered":"<div class=\"wpb-content-wrapper\"><p>[vc_row][vc_column][vc_column_text el_class=&#8221;subtit_page&#8221;]<\/p>\n<h2>La convocat\u00f2ria creada perqu\u00e8 els col\u00b7legis d&#8217;Eivissa participin a la Setmana del Mar es publica a la tardor, unes setmanes despr\u00e9s d&#8217;iniciar-se el curs escolar. Les aules aspirants disposen d&#8217;uns dos mesos per a superar el concurs d&#8217;acc\u00e9s, que permet seleccionar a un total de deu grups de tota l&#8217;illa que participen en l&#8217;activitat.<\/h2>\n<p>[\/vc_column_text][vc_single_image image=&#8221;2669&#8243; img_size=&#8221;full&#8221;][vc_column_text css=&#8221;.vc_custom_1767870683285{margin-top: 40px !important;margin-bottom: 0px !important;}&#8221; el_class=&#8221;ipdf_list&#8221;]<strong>XXXI Edici\u00f3 \u2013 Any 2026<\/strong><\/p>\n<p><a href=\"https:\/\/drive.google.com\/file\/d\/1L8BjRvXUCxuLwZzUAOtusA2AUjXg2rd2\/view\" target=\"_blank\" rel=\"noopener\">Resum fallo del jurat<\/a><\/p>\n<p><a href=\"https:\/\/drive.google.com\/file\/d\/1345qZa3TOTa9GA8otLX8LBPd2Ezj0JJ7\/view\" target=\"_blank\" rel=\"noopener\">Pla d\u2019assist\u00e8ncia<\/a>[\/vc_column_text][vc_column_text css=&#8221;.vc_custom_1767870727084{margin-bottom: 0px !important;}&#8221; el_class=&#8221;idescarga_list&#8221;]<a href=\"http:\/\/photos.app.goo.gl\/1P2edzU4hAYtLLoV8\" target=\"_blank\" rel=\"noopener\">Imatges treballs<\/a><\/p>\n<p><a href=\"https:\/\/docs.google.com\/forms\/d\/e\/1FAIpQLSdFwXXIAVCmPpBEq5ilGP1nslCJuWASPmzUuSpidjdRf2EcFA\/viewform\" target=\"_blank\" rel=\"noopener\">Convocat\u00f2ria i bases<\/a><\/p>\n<p><a href=\"https:\/\/docs.google.com\/spreadsheets\/d\/1fxG8VPTLNlrspdgjIXoHla49b-emfZjJ\/edit#gid=1137587684\" target=\"_blank\" rel=\"noopener\">Fulla d\u2019inscripcions<\/a>[\/vc_column_text][vc_column_text css=&#8221;&#8221; el_class=&#8221;ipdf_list&#8221;]<a href=\"https:\/\/drive.google.com\/file\/d\/1kU2BCZYh1XWp7enB5feEbD2xCc9FACRZ\/view\" target=\"_blank\" rel=\"noopener\">Activitats semanals<\/a><\/p>\n<p><a href=\"https:\/\/www.esnautic.com\/wp-content\/uploads\/2026\/01\/Cartel-XXXI-SM-scaled.jpg\" target=\"_blank\" rel=\"noopener\">Cartell oficial<\/a>[\/vc_column_text][\/vc_column][\/vc_row][vc_row][vc_column][vc_column_text]<strong>Concurs d\u2019acc\u00e9s<\/strong><\/p>\n<p>Per a accedir a la Setmana del Mar, les aules de cinqu\u00e8 de prim\u00e0ria han de presentar una mascota relacionada amb la biodiversitat marina i elaborada amb materials reciclats, aix\u00ed com una s\u00e8rie de continguts complementaris. Aquests treballs s\u00f3n avaluats per un jurat t\u00e8cnic i els deu millor puntuats passen a gaudir de l&#8217;activitat.[\/vc_column_text][vc_column_text css=&#8221;.vc_custom_1767870810864{margin-top: 40px !important;margin-bottom: 0px !important;}&#8221; el_class=&#8221;ipdf_list&#8221;]<strong>XXX Setmana del Mar 2025<\/strong><\/p>\n<p><a href=\"https:\/\/drive.google.com\/file\/d\/19pDwSnvYeHRaZUYmkH9XVHL85YmOvMKH\/view\" target=\"_blank\" rel=\"noopener\">Resum fallo<\/a><\/p>\n<p><a href=\"https:\/\/drive.google.com\/file\/d\/1__cIQrE9F-mkVgRlxq8xKJNAB7T8RUx7\/view\" target=\"_blank\" rel=\"noopener\">Pla d\u2019assist\u00e8ncia<\/a>[\/vc_column_text][vc_column_text css=&#8221;&#8221; el_class=&#8221;idescarga_list&#8221;]<a href=\"https:\/\/photos.google.com\/share\/AF1QipMD85CPF-ES-WG5DL6LnFKJONNpc16aJdQqGKK0cs5lmRWcvGmkHRzoGLMw3h__Xw?key=QUF2Z1ZEVk4tLTZvVzdEaVVLOWNwM1FMTUt0ekNB\" target=\"_blank\" rel=\"noopener\">Imatges treballs<\/a>[\/vc_column_text][\/vc_column][\/vc_row]<\/p>\n<\/div>","protected":false},"excerpt":{"rendered":"<p>[vc_row][vc_column][vc_column_text el_class=&#8221;subtit_page&#8221;] La convocat\u00f2ria creada perqu\u00e8 els col\u00b7legis d&#8217;Eivissa participin a la Setmana del Mar es publica a la tardor, unes setmanes despr\u00e9s d&#8217;iniciar-se el curs escolar. Les aules aspirants [&hellip;]<\/p>\n","protected":false},"author":1,"featured_media":2670,"parent":26494,"menu_order":0,"comment_status":"closed","ping_status":"closed","template":"","meta":{"_acf_changed":false,"jnews_page_loop":{"enable_page_loop":"0","first_title":"Latest Post","second_title":"","header_type":"heading_6","header_background":"","header_text_color":"","layout":"right-sidebar","sidebar":"default-sidebar","second_sidebar":"default-sidebar","sticky_sidebar":"1","module":"3","boxed":"0","boxed_shadow":"0","box_shadow":"0","excerpt_length":"20","content_date":"default","date_custom":"Y\/m\/d","content_pagination":"nav_1","pagination_align":"center","show_navtext":"0","show_pageinfo":"0","post_offset":"0","posts_per_page":"5","include_post":"","exclude_post":"","include_category":"","exclude_category":"","include_author":"","include_tag":"","exclude_tag":"","sort_by":"latest","main_custom_image_size":"default","second_custom_image_size":"default","post_sticky":"0"},"jnews_single_page":{"layout":"right-sidebar","sidebar":"setmana-del-mar","second_sidebar":"default-sidebar","sticky_sidebar":"1","show_post_featured":"0","show_post_meta":"0","share_position":"hide","share_color":"share-monocrhome","show_post_title":"1","show_post_breadcrumbs":"1"},"footnotes":""},"class_list":["post-26497","page","type-page","status-publish","has-post-thumbnail","hentry"],"acf":[],"yoast_head":"<!-- This site is optimized with the Yoast SEO plugin v26.7 - https:\/\/yoast.com\/wordpress\/plugins\/seo\/ -->\n<title>Convocat\u00f2ria 2026 - Es N\u00e0utic<\/title>\n<meta name=\"robots\" content=\"index, follow, max-snippet:-1, max-image-preview:large, max-video-preview:-1\" \/>\n<link rel=\"canonical\" href=\"https:\/\/www.esnautic.com\/ca\/projectes-educatius\/setmana-del-mar\/convocatoria\/\" \/>\n<meta property=\"og:locale\" content=\"ca_ES\" \/>\n<meta property=\"og:type\" content=\"article\" \/>\n<meta property=\"og:title\" content=\"Convocat\u00f2ria 2026 - Es N\u00e0utic\" \/>\n<meta property=\"og:description\" content=\"[vc_row][vc_column][vc_column_text el_class=&#8221;subtit_page&#8221;] La convocat\u00f2ria creada perqu\u00e8 els col\u00b7legis d&#8217;Eivissa participin a la Setmana del Mar es publica a la tardor, unes setmanes despr\u00e9s d&#8217;iniciar-se el curs escolar. Les aules aspirants [&hellip;]\" \/>\n<meta property=\"og:url\" content=\"https:\/\/www.esnautic.com\/ca\/projectes-educatius\/setmana-del-mar\/convocatoria\/\" \/>\n<meta property=\"og:site_name\" content=\"Es N\u00e0utic\" \/>\n<meta property=\"article:modified_time\" content=\"2026-01-08T13:29:35+00:00\" \/>\n<meta property=\"og:image\" content=\"https:\/\/www.esnautic.com\/wp-content\/uploads\/2022\/09\/setmana-del-mar-1.jpg\" \/>\n\t<meta property=\"og:image:width\" content=\"1684\" \/>\n\t<meta property=\"og:image:height\" content=\"1115\" \/>\n\t<meta property=\"og:image:type\" content=\"image\/jpeg\" \/>\n<meta name=\"twitter:card\" content=\"summary_large_image\" \/>\n<meta name=\"twitter:label1\" content=\"Temps estimat de lectura\" \/>\n\t<meta name=\"twitter:data1\" content=\"1 minut\" \/>\n<script type=\"application\/ld+json\" class=\"yoast-schema-graph\">{\"@context\":\"https:\/\/schema.org\",\"@graph\":[{\"@type\":\"WebPage\",\"@id\":\"https:\/\/www.esnautic.com\/ca\/projectes-educatius\/setmana-del-mar\/convocatoria\/\",\"url\":\"https:\/\/www.esnautic.com\/ca\/projectes-educatius\/setmana-del-mar\/convocatoria\/\",\"name\":\"Convocat\u00f2ria 2026 - Es N\u00e0utic\",\"isPartOf\":{\"@id\":\"https:\/\/www.esnautic.com\/#website\"},\"primaryImageOfPage\":{\"@id\":\"https:\/\/www.esnautic.com\/ca\/projectes-educatius\/setmana-del-mar\/convocatoria\/#primaryimage\"},\"image\":{\"@id\":\"https:\/\/www.esnautic.com\/ca\/projectes-educatius\/setmana-del-mar\/convocatoria\/#primaryimage\"},\"thumbnailUrl\":\"https:\/\/www.esnautic.com\/wp-content\/uploads\/2022\/09\/setmana-del-mar-1.jpg\",\"datePublished\":\"2022-09-29T11:15:05+00:00\",\"dateModified\":\"2026-01-08T13:29:35+00:00\",\"breadcrumb\":{\"@id\":\"https:\/\/www.esnautic.com\/ca\/projectes-educatius\/setmana-del-mar\/convocatoria\/#breadcrumb\"},\"inLanguage\":\"ca\",\"potentialAction\":[{\"@type\":\"ReadAction\",\"target\":[\"https:\/\/www.esnautic.com\/ca\/projectes-educatius\/setmana-del-mar\/convocatoria\/\"]}]},{\"@type\":\"ImageObject\",\"inLanguage\":\"ca\",\"@id\":\"https:\/\/www.esnautic.com\/ca\/projectes-educatius\/setmana-del-mar\/convocatoria\/#primaryimage\",\"url\":\"https:\/\/www.esnautic.com\/wp-content\/uploads\/2022\/09\/setmana-del-mar-1.jpg\",\"contentUrl\":\"https:\/\/www.esnautic.com\/wp-content\/uploads\/2022\/09\/setmana-del-mar-1.jpg\",\"width\":1684,\"height\":1115},{\"@type\":\"BreadcrumbList\",\"@id\":\"https:\/\/www.esnautic.com\/ca\/projectes-educatius\/setmana-del-mar\/convocatoria\/#breadcrumb\",\"itemListElement\":[{\"@type\":\"ListItem\",\"position\":1,\"name\":\"Inici\",\"item\":\"https:\/\/www.esnautic.com\/ca\/\"},{\"@type\":\"ListItem\",\"position\":2,\"name\":\"Projectes educatius\",\"item\":\"https:\/\/www.esnautic.com\/ca\/projectes-educatius\/\"},{\"@type\":\"ListItem\",\"position\":3,\"name\":\"Setmana del mar\",\"item\":\"https:\/\/www.esnautic.com\/ca\/projectes-educatius\/setmana-del-mar\/\"},{\"@type\":\"ListItem\",\"position\":4,\"name\":\"Convocat\u00f2ria 2026\"}]},{\"@type\":\"WebSite\",\"@id\":\"https:\/\/www.esnautic.com\/#website\",\"url\":\"https:\/\/www.esnautic.com\/\",\"name\":\"Es N\u00e0utic\",\"description\":\"Club N\u00e0utic Sant Antoni\",\"potentialAction\":[{\"@type\":\"SearchAction\",\"target\":{\"@type\":\"EntryPoint\",\"urlTemplate\":\"https:\/\/www.esnautic.com\/?s={search_term_string}\"},\"query-input\":{\"@type\":\"PropertyValueSpecification\",\"valueRequired\":true,\"valueName\":\"search_term_string\"}}],\"inLanguage\":\"ca\"}]}<\/script>\n<!-- \/ Yoast SEO plugin. -->","yoast_head_json":{"title":"Convocat\u00f2ria 2026 - Es N\u00e0utic","robots":{"index":"index","follow":"follow","max-snippet":"max-snippet:-1","max-image-preview":"max-image-preview:large","max-video-preview":"max-video-preview:-1"},"canonical":"https:\/\/www.esnautic.com\/ca\/projectes-educatius\/setmana-del-mar\/convocatoria\/","og_locale":"ca_ES","og_type":"article","og_title":"Convocat\u00f2ria 2026 - Es N\u00e0utic","og_description":"[vc_row][vc_column][vc_column_text el_class=&#8221;subtit_page&#8221;] La convocat\u00f2ria creada perqu\u00e8 els col\u00b7legis d&#8217;Eivissa participin a la Setmana del Mar es publica a la tardor, unes setmanes despr\u00e9s d&#8217;iniciar-se el curs escolar. Les aules aspirants [&hellip;]","og_url":"https:\/\/www.esnautic.com\/ca\/projectes-educatius\/setmana-del-mar\/convocatoria\/","og_site_name":"Es N\u00e0utic","article_modified_time":"2026-01-08T13:29:35+00:00","og_image":[{"width":1684,"height":1115,"url":"https:\/\/www.esnautic.com\/wp-content\/uploads\/2022\/09\/setmana-del-mar-1.jpg","type":"image\/jpeg"}],"twitter_card":"summary_large_image","twitter_misc":{"Temps estimat de lectura":"1 minut"},"schema":{"@context":"https:\/\/schema.org","@graph":[{"@type":"WebPage","@id":"https:\/\/www.esnautic.com\/ca\/projectes-educatius\/setmana-del-mar\/convocatoria\/","url":"https:\/\/www.esnautic.com\/ca\/projectes-educatius\/setmana-del-mar\/convocatoria\/","name":"Convocat\u00f2ria 2026 - Es N\u00e0utic","isPartOf":{"@id":"https:\/\/www.esnautic.com\/#website"},"primaryImageOfPage":{"@id":"https:\/\/www.esnautic.com\/ca\/projectes-educatius\/setmana-del-mar\/convocatoria\/#primaryimage"},"image":{"@id":"https:\/\/www.esnautic.com\/ca\/projectes-educatius\/setmana-del-mar\/convocatoria\/#primaryimage"},"thumbnailUrl":"https:\/\/www.esnautic.com\/wp-content\/uploads\/2022\/09\/setmana-del-mar-1.jpg","datePublished":"2022-09-29T11:15:05+00:00","dateModified":"2026-01-08T13:29:35+00:00","breadcrumb":{"@id":"https:\/\/www.esnautic.com\/ca\/projectes-educatius\/setmana-del-mar\/convocatoria\/#breadcrumb"},"inLanguage":"ca","potentialAction":[{"@type":"ReadAction","target":["https:\/\/www.esnautic.com\/ca\/projectes-educatius\/setmana-del-mar\/convocatoria\/"]}]},{"@type":"ImageObject","inLanguage":"ca","@id":"https:\/\/www.esnautic.com\/ca\/projectes-educatius\/setmana-del-mar\/convocatoria\/#primaryimage","url":"https:\/\/www.esnautic.com\/wp-content\/uploads\/2022\/09\/setmana-del-mar-1.jpg","contentUrl":"https:\/\/www.esnautic.com\/wp-content\/uploads\/2022\/09\/setmana-del-mar-1.jpg","width":1684,"height":1115},{"@type":"BreadcrumbList","@id":"https:\/\/www.esnautic.com\/ca\/projectes-educatius\/setmana-del-mar\/convocatoria\/#breadcrumb","itemListElement":[{"@type":"ListItem","position":1,"name":"Inici","item":"https:\/\/www.esnautic.com\/ca\/"},{"@type":"ListItem","position":2,"name":"Projectes educatius","item":"https:\/\/www.esnautic.com\/ca\/projectes-educatius\/"},{"@type":"ListItem","position":3,"name":"Setmana del mar","item":"https:\/\/www.esnautic.com\/ca\/projectes-educatius\/setmana-del-mar\/"},{"@type":"ListItem","position":4,"name":"Convocat\u00f2ria 2026"}]},{"@type":"WebSite","@id":"https:\/\/www.esnautic.com\/#website","url":"https:\/\/www.esnautic.com\/","name":"Es N\u00e0utic","description":"Club N\u00e0utic Sant Antoni","potentialAction":[{"@type":"SearchAction","target":{"@type":"EntryPoint","urlTemplate":"https:\/\/www.esnautic.com\/?s={search_term_string}"},"query-input":{"@type":"PropertyValueSpecification","valueRequired":true,"valueName":"search_term_string"}}],"inLanguage":"ca"}]}},"_links":{"self":[{"href":"https:\/\/www.esnautic.com\/ca\/wp-json\/wp\/v2\/pages\/26497","targetHints":{"allow":["GET"]}}],"collection":[{"href":"https:\/\/www.esnautic.com\/ca\/wp-json\/wp\/v2\/pages"}],"about":[{"href":"https:\/\/www.esnautic.com\/ca\/wp-json\/wp\/v2\/types\/page"}],"author":[{"embeddable":true,"href":"https:\/\/www.esnautic.com\/ca\/wp-json\/wp\/v2\/users\/1"}],"replies":[{"embeddable":true,"href":"https:\/\/www.esnautic.com\/ca\/wp-json\/wp\/v2\/comments?post=26497"}],"version-history":[{"count":4,"href":"https:\/\/www.esnautic.com\/ca\/wp-json\/wp\/v2\/pages\/26497\/revisions"}],"predecessor-version":[{"id":32727,"href":"https:\/\/www.esnautic.com\/ca\/wp-json\/wp\/v2\/pages\/26497\/revisions\/32727"}],"up":[{"embeddable":true,"href":"https:\/\/www.esnautic.com\/ca\/wp-json\/wp\/v2\/pages\/26494"}],"wp:featuredmedia":[{"embeddable":true,"href":"https:\/\/www.esnautic.com\/ca\/wp-json\/wp\/v2\/media\/2670"}],"wp:attachment":[{"href":"https:\/\/www.esnautic.com\/ca\/wp-json\/wp\/v2\/media?parent=26497"}],"curies":[{"name":"wp","href":"https:\/\/api.w.org\/{rel}","templated":true}]}}