{"id":29796,"date":"2022-09-27T09:22:23","date_gmt":"2022-09-27T07:22:23","guid":{"rendered":"https:\/\/www.esnautic.com\/natur-und-umwelt\/kulturerbe\/sa-punta-des-moli\/"},"modified":"2025-07-22T08:41:19","modified_gmt":"2025-07-22T06:41:19","slug":"sa-punta-des-moli","status":"publish","type":"page","link":"https:\/\/www.esnautic.com\/de\/natur-und-umwelt\/kulturerbe\/sa-punta-des-moli\/","title":{"rendered":"Sa Punta des Mol\u00ed"},"content":{"rendered":"<div class=\"wpb-content-wrapper\"><p>[vc_row][vc_column][vc_gallery type=&#8220;flexslider_slide&#8220; interval=&#8220;3&#8243; images=&#8220;2020,2022,2024,2026,2028,2030&#8243; img_size=&#8220;full&#8220;][vc_column_text css=&#8220;&#8220;]<span style=\"font-weight: 400;\">Sa Punta des Mol\u00ed ist, wenn wir uns vom Zentrum von Sant Antoni entfernen, eine Landzunge am Ende des Strandes von s\u2019Arenal. Sie stellt ein Ensemble von gro\u00dfem historischem Wert dar, das eine hundertj\u00e4hrige M\u00fchle, ein Wasserrad, einen Ausstellungsraum, eine alte \u00d6lm\u00fchle und ein Veranstaltungszentrum umfasst. Letzteres wurde 1999 als Kulturzentrum er\u00f6ffnet und bietet in einer wundersch\u00f6nen Umgebung Einblicke in die Lebensweise und Traditionen der Pityusen bis zum Beginn des 20. Jahrhunderts.<\/span><\/p>\n<p><span style=\"font-weight: 400;\">Die M\u00fchle, &#8222;Molino de Buenavista&#8220; genannt, ist das Wahrzeichen des Ortes und wurde im Jahr 1818 erbaut. Zahlreiche Nachbarn aus der Umgebung und sogar aus Sant Agust\u00ed und Sant Josep lie\u00dfen dort Weizen, Gerste, Hafer oder sogar Erbsen und Bohnen mahlen. Sie blieb bis 1929\u00fcber hundert Jahre lang in Betrieb.<\/span><\/p>\n<p><span style=\"font-weight: 400;\">Der bekannte deutsche Philosoph Walter Benjamin ist einer der ber\u00fchmtesten Besucher von Sa Punta, da er 1932 im Nebenhaus der M\u00fchle wohnte. W\u00e4hrend seines Aufenthalts in Sant Antoni verfasste er mehrere Werke, darunter \u201eEspa\u00f1a 1932\u201d und die \u201eSerie de Ibiza\u201d, in denen er seine Liebe und seine Achtung f\u00fcr die Landschaft, die Lebensweise und die Br\u00e4uche der Menschen dort zum Ausdruck bringt. Neben der M\u00fchle befindet sich ein Wasserrad, das eine konstante Trinkwasserversorgung erm\u00f6glichte. Man kann au\u00dferdem die \u00d6lm\u00fchle besichtigen, in der Oliven\u00f6l hergestellt wurde.<\/span><\/p>\n<p><span style=\"font-weight: 400;\">Der Ausstellungsraum befindet sich in einem f\u00fcr den ibizenkischen Architekturstil typischen Haus und beherbergt wechselnde Ausstellungen von K\u00fcnstlern der Insel und von au\u00dferhalb.<\/span>[\/vc_column_text][\/vc_column][\/vc_row]<\/p>\n<\/div>","protected":false},"excerpt":{"rendered":"<p>[vc_row][vc_column][vc_gallery type=&#8220;flexslider_slide&#8220; interval=&#8220;3&#8243; images=&#8220;2020,2022,2024,2026,2028,2030&#8243; img_size=&#8220;full&#8220;][vc_column_text css=&#8220;&#8220;]Sa Punta des Mol\u00ed ist, wenn wir uns vom Zentrum von Sant Antoni entfernen, eine Landzunge am Ende des Strandes von s\u2019Arenal. Sie stellt ein [&hellip;]<\/p>\n","protected":false},"author":1,"featured_media":29798,"parent":29536,"menu_order":0,"comment_status":"closed","ping_status":"closed","template":"","meta":{"_acf_changed":false,"jnews_page_loop":{"enable_page_loop":"0","first_title":"Latest Post","second_title":"","header_type":"heading_6","header_background":"","header_text_color":"","layout":"right-sidebar","sidebar":"default-sidebar","second_sidebar":"default-sidebar","sticky_sidebar":"1","module":"3","boxed":"0","boxed_shadow":"0","box_shadow":"0","excerpt_length":"20","content_date":"default","date_custom":"Y\/m\/d","content_pagination":"nav_1","pagination_align":"center","show_navtext":"0","show_pageinfo":"0","post_offset":"0","posts_per_page":"5","include_post":"","exclude_post":"","include_category":"","exclude_category":"","include_author":"","include_tag":"","exclude_tag":"","sort_by":"latest","main_custom_image_size":"default","second_custom_image_size":"default","post_sticky":"0"},"jnews_single_page":{"layout":"right-sidebar","sidebar":"gen-aleman","second_sidebar":"default-sidebar","sticky_sidebar":"1","show_post_featured":"0","show_post_meta":"0","share_position":"hide","share_color":"share-monocrhome","show_post_title":"1","show_post_breadcrumbs":"1"},"footnotes":""},"class_list":["post-29796","page","type-page","status-publish","has-post-thumbnail","hentry"],"acf":[],"yoast_head":"<!-- This site is optimized with the Yoast SEO plugin v26.7 - https:\/\/yoast.com\/wordpress\/plugins\/seo\/ -->\n<title>Sa Punta des Mol\u00ed - Es N\u00e0utic<\/title>\n<meta name=\"robots\" content=\"index, follow, max-snippet:-1, max-image-preview:large, max-video-preview:-1\" \/>\n<link rel=\"canonical\" href=\"https:\/\/www.esnautic.com\/de\/natur-und-umwelt\/kulturerbe\/sa-punta-des-moli\/\" \/>\n<meta property=\"og:locale\" content=\"de_DE\" \/>\n<meta property=\"og:type\" content=\"article\" \/>\n<meta property=\"og:title\" content=\"Sa Punta des Mol\u00ed - Es N\u00e0utic\" \/>\n<meta property=\"og:description\" content=\"[vc_row][vc_column][vc_gallery type=&#8220;flexslider_slide&#8220; interval=&#8220;3&#8243; images=&#8220;2020,2022,2024,2026,2028,2030&#8243; img_size=&#8220;full&#8220;][vc_column_text css=&#8220;&#8220;]Sa Punta des Mol\u00ed ist, wenn wir uns vom Zentrum von Sant Antoni entfernen, eine Landzunge am Ende des Strandes von s\u2019Arenal. Sie stellt ein [&hellip;]\" \/>\n<meta property=\"og:url\" content=\"https:\/\/www.esnautic.com\/de\/natur-und-umwelt\/kulturerbe\/sa-punta-des-moli\/\" \/>\n<meta property=\"og:site_name\" content=\"Es N\u00e0utic\" \/>\n<meta property=\"article:modified_time\" content=\"2025-07-22T06:41:19+00:00\" \/>\n<meta property=\"og:image\" content=\"https:\/\/www.esnautic.com\/wp-content\/uploads\/2022\/09\/DSC_1304.jpg\" \/>\n\t<meta property=\"og:image:width\" content=\"1200\" \/>\n\t<meta property=\"og:image:height\" content=\"800\" \/>\n\t<meta property=\"og:image:type\" content=\"image\/jpeg\" \/>\n<meta name=\"twitter:card\" content=\"summary_large_image\" \/>\n<meta name=\"twitter:label1\" content=\"Gesch\u00e4tzte Lesezeit\" \/>\n\t<meta name=\"twitter:data1\" content=\"3\u00a0Minuten\" \/>\n<script type=\"application\/ld+json\" class=\"yoast-schema-graph\">{\"@context\":\"https:\/\/schema.org\",\"@graph\":[{\"@type\":\"WebPage\",\"@id\":\"https:\/\/www.esnautic.com\/de\/natur-und-umwelt\/kulturerbe\/sa-punta-des-moli\/\",\"url\":\"https:\/\/www.esnautic.com\/de\/natur-und-umwelt\/kulturerbe\/sa-punta-des-moli\/\",\"name\":\"Sa Punta des Mol\u00ed - Es N\u00e0utic\",\"isPartOf\":{\"@id\":\"https:\/\/www.esnautic.com\/#website\"},\"primaryImageOfPage\":{\"@id\":\"https:\/\/www.esnautic.com\/de\/natur-und-umwelt\/kulturerbe\/sa-punta-des-moli\/#primaryimage\"},\"image\":{\"@id\":\"https:\/\/www.esnautic.com\/de\/natur-und-umwelt\/kulturerbe\/sa-punta-des-moli\/#primaryimage\"},\"thumbnailUrl\":\"https:\/\/www.esnautic.com\/wp-content\/uploads\/2022\/09\/DSC_1304.jpg\",\"datePublished\":\"2022-09-27T07:22:23+00:00\",\"dateModified\":\"2025-07-22T06:41:19+00:00\",\"breadcrumb\":{\"@id\":\"https:\/\/www.esnautic.com\/de\/natur-und-umwelt\/kulturerbe\/sa-punta-des-moli\/#breadcrumb\"},\"inLanguage\":\"de\",\"potentialAction\":[{\"@type\":\"ReadAction\",\"target\":[\"https:\/\/www.esnautic.com\/de\/natur-und-umwelt\/kulturerbe\/sa-punta-des-moli\/\"]}]},{\"@type\":\"ImageObject\",\"inLanguage\":\"de\",\"@id\":\"https:\/\/www.esnautic.com\/de\/natur-und-umwelt\/kulturerbe\/sa-punta-des-moli\/#primaryimage\",\"url\":\"https:\/\/www.esnautic.com\/wp-content\/uploads\/2022\/09\/DSC_1304.jpg\",\"contentUrl\":\"https:\/\/www.esnautic.com\/wp-content\/uploads\/2022\/09\/DSC_1304.jpg\",\"width\":1200,\"height\":800},{\"@type\":\"BreadcrumbList\",\"@id\":\"https:\/\/www.esnautic.com\/de\/natur-und-umwelt\/kulturerbe\/sa-punta-des-moli\/#breadcrumb\",\"itemListElement\":[{\"@type\":\"ListItem\",\"position\":1,\"name\":\"Startseite\",\"item\":\"https:\/\/www.esnautic.com\/de\/\"},{\"@type\":\"ListItem\",\"position\":2,\"name\":\"Natur und Umwelt\",\"item\":\"https:\/\/www.esnautic.com\/de\/natur-und-umwelt\/\"},{\"@type\":\"ListItem\",\"position\":3,\"name\":\"Kulturerbe\",\"item\":\"https:\/\/www.esnautic.com\/de\/natur-und-umwelt\/kulturerbe\/\"},{\"@type\":\"ListItem\",\"position\":4,\"name\":\"Sa Punta des Mol\u00ed\"}]},{\"@type\":\"WebSite\",\"@id\":\"https:\/\/www.esnautic.com\/#website\",\"url\":\"https:\/\/www.esnautic.com\/\",\"name\":\"Es N\u00e0utic\",\"description\":\"Club N\u00e0utic Sant Antoni\",\"potentialAction\":[{\"@type\":\"SearchAction\",\"target\":{\"@type\":\"EntryPoint\",\"urlTemplate\":\"https:\/\/www.esnautic.com\/?s={search_term_string}\"},\"query-input\":{\"@type\":\"PropertyValueSpecification\",\"valueRequired\":true,\"valueName\":\"search_term_string\"}}],\"inLanguage\":\"de\"}]}<\/script>\n<!-- \/ Yoast SEO plugin. -->","yoast_head_json":{"title":"Sa Punta des Mol\u00ed - Es N\u00e0utic","robots":{"index":"index","follow":"follow","max-snippet":"max-snippet:-1","max-image-preview":"max-image-preview:large","max-video-preview":"max-video-preview:-1"},"canonical":"https:\/\/www.esnautic.com\/de\/natur-und-umwelt\/kulturerbe\/sa-punta-des-moli\/","og_locale":"de_DE","og_type":"article","og_title":"Sa Punta des Mol\u00ed - Es N\u00e0utic","og_description":"[vc_row][vc_column][vc_gallery type=&#8220;flexslider_slide&#8220; interval=&#8220;3&#8243; images=&#8220;2020,2022,2024,2026,2028,2030&#8243; img_size=&#8220;full&#8220;][vc_column_text css=&#8220;&#8220;]Sa Punta des Mol\u00ed ist, wenn wir uns vom Zentrum von Sant Antoni entfernen, eine Landzunge am Ende des Strandes von s\u2019Arenal. Sie stellt ein [&hellip;]","og_url":"https:\/\/www.esnautic.com\/de\/natur-und-umwelt\/kulturerbe\/sa-punta-des-moli\/","og_site_name":"Es N\u00e0utic","article_modified_time":"2025-07-22T06:41:19+00:00","og_image":[{"width":1200,"height":800,"url":"https:\/\/www.esnautic.com\/wp-content\/uploads\/2022\/09\/DSC_1304.jpg","type":"image\/jpeg"}],"twitter_card":"summary_large_image","twitter_misc":{"Gesch\u00e4tzte Lesezeit":"3\u00a0Minuten"},"schema":{"@context":"https:\/\/schema.org","@graph":[{"@type":"WebPage","@id":"https:\/\/www.esnautic.com\/de\/natur-und-umwelt\/kulturerbe\/sa-punta-des-moli\/","url":"https:\/\/www.esnautic.com\/de\/natur-und-umwelt\/kulturerbe\/sa-punta-des-moli\/","name":"Sa Punta des Mol\u00ed - Es N\u00e0utic","isPartOf":{"@id":"https:\/\/www.esnautic.com\/#website"},"primaryImageOfPage":{"@id":"https:\/\/www.esnautic.com\/de\/natur-und-umwelt\/kulturerbe\/sa-punta-des-moli\/#primaryimage"},"image":{"@id":"https:\/\/www.esnautic.com\/de\/natur-und-umwelt\/kulturerbe\/sa-punta-des-moli\/#primaryimage"},"thumbnailUrl":"https:\/\/www.esnautic.com\/wp-content\/uploads\/2022\/09\/DSC_1304.jpg","datePublished":"2022-09-27T07:22:23+00:00","dateModified":"2025-07-22T06:41:19+00:00","breadcrumb":{"@id":"https:\/\/www.esnautic.com\/de\/natur-und-umwelt\/kulturerbe\/sa-punta-des-moli\/#breadcrumb"},"inLanguage":"de","potentialAction":[{"@type":"ReadAction","target":["https:\/\/www.esnautic.com\/de\/natur-und-umwelt\/kulturerbe\/sa-punta-des-moli\/"]}]},{"@type":"ImageObject","inLanguage":"de","@id":"https:\/\/www.esnautic.com\/de\/natur-und-umwelt\/kulturerbe\/sa-punta-des-moli\/#primaryimage","url":"https:\/\/www.esnautic.com\/wp-content\/uploads\/2022\/09\/DSC_1304.jpg","contentUrl":"https:\/\/www.esnautic.com\/wp-content\/uploads\/2022\/09\/DSC_1304.jpg","width":1200,"height":800},{"@type":"BreadcrumbList","@id":"https:\/\/www.esnautic.com\/de\/natur-und-umwelt\/kulturerbe\/sa-punta-des-moli\/#breadcrumb","itemListElement":[{"@type":"ListItem","position":1,"name":"Startseite","item":"https:\/\/www.esnautic.com\/de\/"},{"@type":"ListItem","position":2,"name":"Natur und Umwelt","item":"https:\/\/www.esnautic.com\/de\/natur-und-umwelt\/"},{"@type":"ListItem","position":3,"name":"Kulturerbe","item":"https:\/\/www.esnautic.com\/de\/natur-und-umwelt\/kulturerbe\/"},{"@type":"ListItem","position":4,"name":"Sa Punta des Mol\u00ed"}]},{"@type":"WebSite","@id":"https:\/\/www.esnautic.com\/#website","url":"https:\/\/www.esnautic.com\/","name":"Es N\u00e0utic","description":"Club N\u00e0utic Sant Antoni","potentialAction":[{"@type":"SearchAction","target":{"@type":"EntryPoint","urlTemplate":"https:\/\/www.esnautic.com\/?s={search_term_string}"},"query-input":{"@type":"PropertyValueSpecification","valueRequired":true,"valueName":"search_term_string"}}],"inLanguage":"de"}]}},"_links":{"self":[{"href":"https:\/\/www.esnautic.com\/de\/wp-json\/wp\/v2\/pages\/29796","targetHints":{"allow":["GET"]}}],"collection":[{"href":"https:\/\/www.esnautic.com\/de\/wp-json\/wp\/v2\/pages"}],"about":[{"href":"https:\/\/www.esnautic.com\/de\/wp-json\/wp\/v2\/types\/page"}],"author":[{"embeddable":true,"href":"https:\/\/www.esnautic.com\/de\/wp-json\/wp\/v2\/users\/1"}],"replies":[{"embeddable":true,"href":"https:\/\/www.esnautic.com\/de\/wp-json\/wp\/v2\/comments?post=29796"}],"version-history":[{"count":2,"href":"https:\/\/www.esnautic.com\/de\/wp-json\/wp\/v2\/pages\/29796\/revisions"}],"predecessor-version":[{"id":29804,"href":"https:\/\/www.esnautic.com\/de\/wp-json\/wp\/v2\/pages\/29796\/revisions\/29804"}],"up":[{"embeddable":true,"href":"https:\/\/www.esnautic.com\/de\/wp-json\/wp\/v2\/pages\/29536"}],"wp:featuredmedia":[{"embeddable":true,"href":"https:\/\/www.esnautic.com\/de\/wp-json\/wp\/v2\/media\/29798"}],"wp:attachment":[{"href":"https:\/\/www.esnautic.com\/de\/wp-json\/wp\/v2\/media?parent=29796"}],"curies":[{"name":"wp","href":"https:\/\/api.w.org\/{rel}","templated":true}]}}