{"id":29814,"date":"2022-09-27T09:38:11","date_gmt":"2022-09-27T07:38:11","guid":{"rendered":"https:\/\/www.esnautic.com\/natur-und-umwelt\/kulturerbe\/ses-coves-blanques-lighthouse\/"},"modified":"2025-07-22T08:49:13","modified_gmt":"2025-07-22T06:49:13","slug":"faro-de-ses-coves-blanques","status":"publish","type":"page","link":"https:\/\/www.esnautic.com\/de\/natur-und-umwelt\/kulturerbe\/faro-de-ses-coves-blanques\/","title":{"rendered":"Faro de ses Coves Blanques"},"content":{"rendered":"<div class=\"wpb-content-wrapper\"><p>[vc_row][vc_column][vc_gallery type=&#8220;flexslider_slide&#8220; interval=&#8220;3&#8243; images=&#8220;2048,2050,2052,2054,2056&#8243; img_size=&#8220;full&#8220;][vc_column_text css=&#8220;&#8220;]<span style=\"font-weight: 400;\">Der Leuchtturm von Ses Coves Blanques ganz in der N\u00e4he des Deiches von Sant Antoni wurde 1897 nach wiederholten Antr\u00e4gen der Stadtverwaltung von Sant Antoni an den Staat eingeweiht. Die Seeleute, die die Bucht durchquerten, forderten mehr Sicherheit bei der Einfahrt in den Hafen, da das Blinklicht des Leuchtturms auf der kleinen Insel Sa Conillera unzureichend war und es zu mehreren Schiffsbr\u00fcchen gekommen war.<\/span><\/p>\n<p><span style=\"font-weight: 400;\">Das Projekt wurde vom Ingenieur Eusebio Estada entworfen, der f\u00fcr seine Bem\u00fchungen um den Eisenbahnbau auf Mallorca bekannt war. Die Kosten beliefen sich auf etwas mehr als 30.000 Peseten und der Leuchtturm wurde an einem damals noch \u00f6den Ort errichtet, der heute zum Stadtzentrum von Sant Antoni geh\u00f6rt.<\/span><\/p>\n<p><span style=\"font-weight: 400;\">Er strahlte zun\u00e4chst ein rotes Dauerlicht aus, das aus einer Entfernung von f\u00fcnf Meilen sichtbar war. F\u00fcr die Leuchtturmw\u00e4rter war Ses Coves Blanques ein begehrtes Ziel. Er verf\u00fcgte \u00fcber richtige Wohnungen und einen gro\u00dfen Innenhof mit Brunnen, der noch erhalten ist. Aus diesem Grund wurde er als \u201eErholungs\u201c-Leuchtturm eingestuft, mit einfach zu bedienenden Vorrichtungen, einem niedrigen Turm und einem nahe gelegenen Ortskern mit sanit\u00e4ren und religi\u00f6sen Einrichtungen. Deshalb erhielten nur Personen \u00fcber 50 Jahre, die aufgrund einer k\u00f6rperlichen Beeintr\u00e4chtigung nicht in der Lage waren, in gew\u00f6hnlichen Leuchtt\u00fcrmen zu arbeiten, eine Anstellung an diesem Standort.<\/span><\/p>\n<p><span style=\"font-weight: 400;\">Im Jahr 1902 wechselte die Farbe des Leuchtfeuers von Rot nach Wei\u00df, was dazu f\u00fchrte, dass Anwohner und lokale Vereine 1914 dessen Auswechselung forderten. Die Ortschaft wuchs und der Lichtkegel des Leuchtturms wurde mit den Lichtern der H\u00e4user verwechselt, weshalb man beschloss, nur noch ein Blinklicht zu verwenden. 1956 wurde er automatisiert, obwohl zu diesem Zeitpunkt bereits die Arbeiten am Hafen begonnen hatten, die schlie\u00dflich sein Ende bedeuteten. Er wurde 1963 abgeschaltet, als die noch heute am Ende des Deiches vorhandene Leuchtboje in Betrieb genommen wurde.<\/span><\/p>\n<p><span style=\"font-weight: 400;\">2006 \u00fcbergab die Hafenbeh\u00f6rde der Balearen das Geb\u00e4ude an die Gemeinde Sant Antoni, die es restaurierte und 2010 als soziokulturellen Raum und Ausstellungshalle er\u00f6ffnete. Der Komplex wurde zun\u00e4chst ohne die Leuchte auf dem Turm eingeweiht, die kurz darauf demontiert in einem H\u00fchnerstall aufgefunden wurde. Im Jahr 2014 wurde sie restauriert und wieder an ihrem rechtm\u00e4\u00dfigen Platz aufgebaut.<\/span>[\/vc_column_text][\/vc_column][\/vc_row]<\/p>\n<\/div>","protected":false},"excerpt":{"rendered":"<p>[vc_row][vc_column][vc_gallery type=&#8220;flexslider_slide&#8220; interval=&#8220;3&#8243; images=&#8220;2048,2050,2052,2054,2056&#8243; img_size=&#8220;full&#8220;][vc_column_text css=&#8220;&#8220;]Der Leuchtturm von Ses Coves Blanques ganz in der N\u00e4he des Deiches von Sant Antoni wurde 1897 nach wiederholten Antr\u00e4gen der Stadtverwaltung von Sant Antoni [&hellip;]<\/p>\n","protected":false},"author":1,"featured_media":29537,"parent":29536,"menu_order":0,"comment_status":"closed","ping_status":"closed","template":"","meta":{"_acf_changed":false,"jnews_page_loop":{"enable_page_loop":"0","first_title":"Latest Post","second_title":"","header_type":"heading_6","header_background":"","header_text_color":"","layout":"right-sidebar","sidebar":"default-sidebar","second_sidebar":"default-sidebar","sticky_sidebar":"1","module":"3","boxed":"0","boxed_shadow":"0","box_shadow":"0","excerpt_length":"20","content_date":"default","date_custom":"Y\/m\/d","content_pagination":"nav_1","pagination_align":"center","show_navtext":"0","show_pageinfo":"0","post_offset":"0","posts_per_page":"5","include_post":"","exclude_post":"","include_category":"","exclude_category":"","include_author":"","include_tag":"","exclude_tag":"","sort_by":"latest","main_custom_image_size":"default","second_custom_image_size":"default","post_sticky":"0"},"jnews_single_page":{"layout":"right-sidebar","sidebar":"gen-aleman","second_sidebar":"default-sidebar","sticky_sidebar":"1","show_post_featured":"0","show_post_meta":"0","share_position":"hide","share_color":"share-monocrhome","show_post_title":"1","show_post_breadcrumbs":"1"},"footnotes":""},"class_list":["post-29814","page","type-page","status-publish","has-post-thumbnail","hentry"],"acf":[],"yoast_head":"<!-- This site is optimized with the Yoast SEO plugin v26.7 - https:\/\/yoast.com\/wordpress\/plugins\/seo\/ -->\n<title>Faro de ses Coves Blanques - Es N\u00e0utic<\/title>\n<meta name=\"robots\" content=\"index, follow, max-snippet:-1, max-image-preview:large, max-video-preview:-1\" \/>\n<link rel=\"canonical\" href=\"https:\/\/www.esnautic.com\/de\/natur-und-umwelt\/kulturerbe\/faro-de-ses-coves-blanques\/\" \/>\n<meta property=\"og:locale\" content=\"de_DE\" \/>\n<meta property=\"og:type\" content=\"article\" \/>\n<meta property=\"og:title\" content=\"Faro de ses Coves Blanques - Es N\u00e0utic\" \/>\n<meta property=\"og:description\" content=\"[vc_row][vc_column][vc_gallery type=&#8220;flexslider_slide&#8220; interval=&#8220;3&#8243; images=&#8220;2048,2050,2052,2054,2056&#8243; img_size=&#8220;full&#8220;][vc_column_text css=&#8220;&#8220;]Der Leuchtturm von Ses Coves Blanques ganz in der N\u00e4he des Deiches von Sant Antoni wurde 1897 nach wiederholten Antr\u00e4gen der Stadtverwaltung von Sant Antoni [&hellip;]\" \/>\n<meta property=\"og:url\" content=\"https:\/\/www.esnautic.com\/de\/natur-und-umwelt\/kulturerbe\/faro-de-ses-coves-blanques\/\" \/>\n<meta property=\"og:site_name\" content=\"Es N\u00e0utic\" \/>\n<meta property=\"article:modified_time\" content=\"2025-07-22T06:49:13+00:00\" \/>\n<meta property=\"og:image\" content=\"https:\/\/www.esnautic.com\/wp-content\/uploads\/2022\/09\/DSC02830-wpp1669808731467.jpg\" \/>\n\t<meta property=\"og:image:width\" content=\"1200\" \/>\n\t<meta property=\"og:image:height\" content=\"800\" \/>\n\t<meta property=\"og:image:type\" content=\"image\/jpeg\" \/>\n<meta name=\"twitter:card\" content=\"summary_large_image\" \/>\n<meta name=\"twitter:label1\" content=\"Gesch\u00e4tzte Lesezeit\" \/>\n\t<meta name=\"twitter:data1\" content=\"3\u00a0Minuten\" \/>\n<script type=\"application\/ld+json\" class=\"yoast-schema-graph\">{\"@context\":\"https:\/\/schema.org\",\"@graph\":[{\"@type\":\"WebPage\",\"@id\":\"https:\/\/www.esnautic.com\/de\/natur-und-umwelt\/kulturerbe\/faro-de-ses-coves-blanques\/\",\"url\":\"https:\/\/www.esnautic.com\/de\/natur-und-umwelt\/kulturerbe\/faro-de-ses-coves-blanques\/\",\"name\":\"Faro de ses Coves Blanques - Es N\u00e0utic\",\"isPartOf\":{\"@id\":\"https:\/\/www.esnautic.com\/#website\"},\"primaryImageOfPage\":{\"@id\":\"https:\/\/www.esnautic.com\/de\/natur-und-umwelt\/kulturerbe\/faro-de-ses-coves-blanques\/#primaryimage\"},\"image\":{\"@id\":\"https:\/\/www.esnautic.com\/de\/natur-und-umwelt\/kulturerbe\/faro-de-ses-coves-blanques\/#primaryimage\"},\"thumbnailUrl\":\"https:\/\/www.esnautic.com\/wp-content\/uploads\/2022\/09\/DSC02830-wpp1669808731467.jpg\",\"datePublished\":\"2022-09-27T07:38:11+00:00\",\"dateModified\":\"2025-07-22T06:49:13+00:00\",\"breadcrumb\":{\"@id\":\"https:\/\/www.esnautic.com\/de\/natur-und-umwelt\/kulturerbe\/faro-de-ses-coves-blanques\/#breadcrumb\"},\"inLanguage\":\"de\",\"potentialAction\":[{\"@type\":\"ReadAction\",\"target\":[\"https:\/\/www.esnautic.com\/de\/natur-und-umwelt\/kulturerbe\/faro-de-ses-coves-blanques\/\"]}]},{\"@type\":\"ImageObject\",\"inLanguage\":\"de\",\"@id\":\"https:\/\/www.esnautic.com\/de\/natur-und-umwelt\/kulturerbe\/faro-de-ses-coves-blanques\/#primaryimage\",\"url\":\"https:\/\/www.esnautic.com\/wp-content\/uploads\/2022\/09\/DSC02830-wpp1669808731467.jpg\",\"contentUrl\":\"https:\/\/www.esnautic.com\/wp-content\/uploads\/2022\/09\/DSC02830-wpp1669808731467.jpg\",\"width\":1200,\"height\":800},{\"@type\":\"BreadcrumbList\",\"@id\":\"https:\/\/www.esnautic.com\/de\/natur-und-umwelt\/kulturerbe\/faro-de-ses-coves-blanques\/#breadcrumb\",\"itemListElement\":[{\"@type\":\"ListItem\",\"position\":1,\"name\":\"Startseite\",\"item\":\"https:\/\/www.esnautic.com\/de\/\"},{\"@type\":\"ListItem\",\"position\":2,\"name\":\"Natur und Umwelt\",\"item\":\"https:\/\/www.esnautic.com\/de\/natur-und-umwelt\/\"},{\"@type\":\"ListItem\",\"position\":3,\"name\":\"Kulturerbe\",\"item\":\"https:\/\/www.esnautic.com\/de\/natur-und-umwelt\/kulturerbe\/\"},{\"@type\":\"ListItem\",\"position\":4,\"name\":\"Faro de ses Coves Blanques\"}]},{\"@type\":\"WebSite\",\"@id\":\"https:\/\/www.esnautic.com\/#website\",\"url\":\"https:\/\/www.esnautic.com\/\",\"name\":\"Es N\u00e0utic\",\"description\":\"Club N\u00e0utic Sant Antoni\",\"potentialAction\":[{\"@type\":\"SearchAction\",\"target\":{\"@type\":\"EntryPoint\",\"urlTemplate\":\"https:\/\/www.esnautic.com\/?s={search_term_string}\"},\"query-input\":{\"@type\":\"PropertyValueSpecification\",\"valueRequired\":true,\"valueName\":\"search_term_string\"}}],\"inLanguage\":\"de\"}]}<\/script>\n<!-- \/ Yoast SEO plugin. -->","yoast_head_json":{"title":"Faro de ses Coves Blanques - Es N\u00e0utic","robots":{"index":"index","follow":"follow","max-snippet":"max-snippet:-1","max-image-preview":"max-image-preview:large","max-video-preview":"max-video-preview:-1"},"canonical":"https:\/\/www.esnautic.com\/de\/natur-und-umwelt\/kulturerbe\/faro-de-ses-coves-blanques\/","og_locale":"de_DE","og_type":"article","og_title":"Faro de ses Coves Blanques - Es N\u00e0utic","og_description":"[vc_row][vc_column][vc_gallery type=&#8220;flexslider_slide&#8220; interval=&#8220;3&#8243; images=&#8220;2048,2050,2052,2054,2056&#8243; img_size=&#8220;full&#8220;][vc_column_text css=&#8220;&#8220;]Der Leuchtturm von Ses Coves Blanques ganz in der N\u00e4he des Deiches von Sant Antoni wurde 1897 nach wiederholten Antr\u00e4gen der Stadtverwaltung von Sant Antoni [&hellip;]","og_url":"https:\/\/www.esnautic.com\/de\/natur-und-umwelt\/kulturerbe\/faro-de-ses-coves-blanques\/","og_site_name":"Es N\u00e0utic","article_modified_time":"2025-07-22T06:49:13+00:00","og_image":[{"width":1200,"height":800,"url":"https:\/\/www.esnautic.com\/wp-content\/uploads\/2022\/09\/DSC02830-wpp1669808731467.jpg","type":"image\/jpeg"}],"twitter_card":"summary_large_image","twitter_misc":{"Gesch\u00e4tzte Lesezeit":"3\u00a0Minuten"},"schema":{"@context":"https:\/\/schema.org","@graph":[{"@type":"WebPage","@id":"https:\/\/www.esnautic.com\/de\/natur-und-umwelt\/kulturerbe\/faro-de-ses-coves-blanques\/","url":"https:\/\/www.esnautic.com\/de\/natur-und-umwelt\/kulturerbe\/faro-de-ses-coves-blanques\/","name":"Faro de ses Coves Blanques - Es N\u00e0utic","isPartOf":{"@id":"https:\/\/www.esnautic.com\/#website"},"primaryImageOfPage":{"@id":"https:\/\/www.esnautic.com\/de\/natur-und-umwelt\/kulturerbe\/faro-de-ses-coves-blanques\/#primaryimage"},"image":{"@id":"https:\/\/www.esnautic.com\/de\/natur-und-umwelt\/kulturerbe\/faro-de-ses-coves-blanques\/#primaryimage"},"thumbnailUrl":"https:\/\/www.esnautic.com\/wp-content\/uploads\/2022\/09\/DSC02830-wpp1669808731467.jpg","datePublished":"2022-09-27T07:38:11+00:00","dateModified":"2025-07-22T06:49:13+00:00","breadcrumb":{"@id":"https:\/\/www.esnautic.com\/de\/natur-und-umwelt\/kulturerbe\/faro-de-ses-coves-blanques\/#breadcrumb"},"inLanguage":"de","potentialAction":[{"@type":"ReadAction","target":["https:\/\/www.esnautic.com\/de\/natur-und-umwelt\/kulturerbe\/faro-de-ses-coves-blanques\/"]}]},{"@type":"ImageObject","inLanguage":"de","@id":"https:\/\/www.esnautic.com\/de\/natur-und-umwelt\/kulturerbe\/faro-de-ses-coves-blanques\/#primaryimage","url":"https:\/\/www.esnautic.com\/wp-content\/uploads\/2022\/09\/DSC02830-wpp1669808731467.jpg","contentUrl":"https:\/\/www.esnautic.com\/wp-content\/uploads\/2022\/09\/DSC02830-wpp1669808731467.jpg","width":1200,"height":800},{"@type":"BreadcrumbList","@id":"https:\/\/www.esnautic.com\/de\/natur-und-umwelt\/kulturerbe\/faro-de-ses-coves-blanques\/#breadcrumb","itemListElement":[{"@type":"ListItem","position":1,"name":"Startseite","item":"https:\/\/www.esnautic.com\/de\/"},{"@type":"ListItem","position":2,"name":"Natur und Umwelt","item":"https:\/\/www.esnautic.com\/de\/natur-und-umwelt\/"},{"@type":"ListItem","position":3,"name":"Kulturerbe","item":"https:\/\/www.esnautic.com\/de\/natur-und-umwelt\/kulturerbe\/"},{"@type":"ListItem","position":4,"name":"Faro de ses Coves Blanques"}]},{"@type":"WebSite","@id":"https:\/\/www.esnautic.com\/#website","url":"https:\/\/www.esnautic.com\/","name":"Es N\u00e0utic","description":"Club N\u00e0utic Sant Antoni","potentialAction":[{"@type":"SearchAction","target":{"@type":"EntryPoint","urlTemplate":"https:\/\/www.esnautic.com\/?s={search_term_string}"},"query-input":{"@type":"PropertyValueSpecification","valueRequired":true,"valueName":"search_term_string"}}],"inLanguage":"de"}]}},"_links":{"self":[{"href":"https:\/\/www.esnautic.com\/de\/wp-json\/wp\/v2\/pages\/29814","targetHints":{"allow":["GET"]}}],"collection":[{"href":"https:\/\/www.esnautic.com\/de\/wp-json\/wp\/v2\/pages"}],"about":[{"href":"https:\/\/www.esnautic.com\/de\/wp-json\/wp\/v2\/types\/page"}],"author":[{"embeddable":true,"href":"https:\/\/www.esnautic.com\/de\/wp-json\/wp\/v2\/users\/1"}],"replies":[{"embeddable":true,"href":"https:\/\/www.esnautic.com\/de\/wp-json\/wp\/v2\/comments?post=29814"}],"version-history":[{"count":2,"href":"https:\/\/www.esnautic.com\/de\/wp-json\/wp\/v2\/pages\/29814\/revisions"}],"predecessor-version":[{"id":29821,"href":"https:\/\/www.esnautic.com\/de\/wp-json\/wp\/v2\/pages\/29814\/revisions\/29821"}],"up":[{"embeddable":true,"href":"https:\/\/www.esnautic.com\/de\/wp-json\/wp\/v2\/pages\/29536"}],"wp:featuredmedia":[{"embeddable":true,"href":"https:\/\/www.esnautic.com\/de\/wp-json\/wp\/v2\/media\/29537"}],"wp:attachment":[{"href":"https:\/\/www.esnautic.com\/de\/wp-json\/wp\/v2\/media?parent=29814"}],"curies":[{"name":"wp","href":"https:\/\/api.w.org\/{rel}","templated":true}]}}