{"id":29831,"date":"2022-09-27T13:03:01","date_gmt":"2022-09-27T11:03:01","guid":{"rendered":"https:\/\/www.esnautic.com\/natur-und-umwelt\/biodiversity\/"},"modified":"2025-07-23T11:55:55","modified_gmt":"2025-07-23T09:55:55","slug":"artenvielfalt","status":"publish","type":"page","link":"https:\/\/www.esnautic.com\/de\/natur-und-umwelt\/artenvielfalt\/","title":{"rendered":"Artenvielfalt"},"content":{"rendered":"<div class=\"wpb-content-wrapper\"><p>[vc_row][vc_column][vc_column_text css=&#8220;&#8220; el_class=&#8220;subtit_page&#8220;]<\/p>\n<h2>Naturschutzgebiet Es Vedr\u00e0, Es Vedranell und Illots de Ponent<\/h2>\n<p>[\/vc_column_text][vc_gallery type=&#8220;flexslider_slide&#8220; interval=&#8220;3&#8243; images=&#8220;2346,2348,2350,2352,2354,2356&#8243; img_size=&#8220;full&#8220;][\/vc_column][\/vc_row][vc_row][vc_column][vc_column_text css=&#8220;&#8220;]<span style=\"font-weight: 400;\">Die Silhouette der westlich von Sant Antoni gelegenen Inselgruppe Islotes de Poniente bestimmt den Horizon der Bucht und geh\u00f6ren zum Naturschutzgebiet der h\u00f6chsten Stufe mit dem Namen Reserva Natural des Vedr\u00e0, es Vedranell i els Illots de Ponent. Das Gebiet wird im Schutzgebiete-Netz Natura 2000 aufgef\u00fchrt und ist als Ort mit besonderer Bedeutung f\u00fcr die Gemeinschaft (LIC &#8211; Lugar de Importancia Comunitaria) und Vogelschutzgebiet (ZEPA &#8211; Zona de Especial Protecci\u00f3n para las Aves) ausgewiesen. Au\u00dferdem ist es als unabh\u00e4ngiges Naturschutzgebiet von besonderer Bedeutung (ANEI &#8211; \u00c1rea Natural de Especial Inter\u00e9s) ausgewiesen.<\/span><\/p>\n<p><span style=\"font-weight: 400;\">Die Inseln, aus denen das Naturschutzgebiet besteht, lassen sich in zwei Gruppen einteilen. Die eine besteht aus den eindrucksvollen Felsen Es Vedr\u00e0 und Es Vedranell vor der K\u00fcste der Bucht Cala d\u2019Hort, die andere bilden die sogenannten Islotes de Poniente: sa Conillera, s\u2019Illa des Bosc, s\u2019Espartar und ses Bledes (sowie die kleineren Eilande na Gorra, es Vaixell, na Bosc, es Esculls d\u2019en Ramon und na Plana). Es Vedr\u00e0 und es Vedranell bedecken zusammen eine Fl\u00e4che von 79,31 Hektar, die Islotes de Poniente nehmen 153,39 Hektar ein.<\/span><\/p>\n<p><span style=\"font-weight: 400;\">Die Inselgruppe ist eine der gr\u00f6\u00dften Brutst\u00e4tten f\u00fcr See- und Raubv\u00f6gel in der Region, wie zum Beispiel f\u00fcr die Korallenm\u00f6we (<\/span><i><span style=\"font-weight: 400;\">Larus audouinii<\/span><\/i><span style=\"font-weight: 400;\">), den Sepiasturmtaucher (<\/span><i><span style=\"font-weight: 400;\">Calonectris diomedea<\/span><\/i><span style=\"font-weight: 400;\">), den Balearensturmtaucher (<\/span><i><span style=\"font-weight: 400;\">Puffinus mauretanicus<\/span><\/i><span style=\"font-weight: 400;\">), den Eleonorenfalken (<\/span><i><span style=\"font-weight: 400;\">Falco eleonorae<\/span><\/i><span style=\"font-weight: 400;\">), den Wanderfalken (<\/span><i><span style=\"font-weight: 400;\">Falco peregrinus<\/span><\/i><span style=\"font-weight: 400;\">) oder den Sturmwellenl\u00e4ufer (<\/span><i><span style=\"font-weight: 400;\">Hydrobates pelagicus<\/span><\/i><span style=\"font-weight: 400;\">). F\u00fcr die letztgenannte Spezies befindet sich auf der Insel s\u2019Espartar eine der bedeutendsten Kolonien des gesamten westlichen Mittelmeers.<\/span><\/p>\n<p><span style=\"font-weight: 400;\">Au\u00dferdem gibt es hier Wirbellose, Muscheln und Meeresschnecken, insbesondere der Familie der <\/span><i><span style=\"font-weight: 400;\">Trochoidea <\/span><\/i><span style=\"font-weight: 400;\">sowie verschiedene K\u00e4ferarten.<\/span><\/p>\n<p><span style=\"font-weight: 400;\">Die Pityusen-Eidechse (<\/span><i><span style=\"font-weight: 400;\">Podarcis pityusensis<\/span><\/i><span style=\"font-weight: 400;\">) steht unter besonderem Schutz und kommt auf den einzelnen Inseln in verschiedenen Unterarten vor, die sich in Gr\u00f6\u00dfe und Farbe unterscheiden.<\/span><\/p>\n<p><span style=\"font-weight: 400;\">Der Meeresboden ist hier nahezu unber\u00fchrt und bietet einen gesch\u00fctzten Lebensraum f\u00fcr eine Vielfalt an Tierarten, darunter Gorgonien<\/span><i><span style=\"font-weight: 400;\">, <\/span><\/i><span style=\"font-weight: 400;\">gro\u00dfe T\u00fcmmler, Unechte Karettschildkr\u00f6ten, Zackenbarsche, der Gro\u00dfe Rote Drachenkopf, Gemeine Meerbrassen, Petersfische, Rochen und viele mehr.<\/span><\/p>\n<p><b>Da es sich bei dem Gebiet um ein derart wichtiges \u00d6kosystem handelt, ist es auf keiner der Inseln gestattet, ohne besondere Genehmigung von Bord zu gehen. Au\u00dferdem darf man sich dem Ufer nicht zu sehr n\u00e4hern, insbesondere w\u00e4hrend der Brutzeit der V\u00f6gel von April bis Juni. Auch f\u00fcr das Unterwasserfischen um die Inseln herum bedarf es einer Sondergenehmigung.<\/b><\/p>\n<p><span style=\"font-weight: 400;\">B\u00fcro f\u00fcr Naturschutzgebiete: C\/ Can\u00e0ries 31-35, CETIS-Geb\u00e4ude, Turm 6, Etage 1 \u2013 07800 Eivissa. Tel. (+34) 971 177 688 Durchwahl 1. Mehr Informationen unter <\/span><a href=\"https:\/\/es.balearsnatura.com\/parque_natural\/reserves-naturals-des-vedra-es-vedranell-i-els-illots-de-ponent\/\" target=\"_blank\" rel=\"noopener\"><span style=\"font-weight: 400;\">balearsnatura.com<\/span><\/a>[\/vc_column_text][\/vc_column][\/vc_row]<\/p>\n<\/div>","protected":false},"excerpt":{"rendered":"<p>[vc_row][vc_column][vc_column_text css=&#8220;&#8220; el_class=&#8220;subtit_page&#8220;] Naturschutzgebiet Es Vedr\u00e0, Es Vedranell und Illots de Ponent [\/vc_column_text][vc_gallery type=&#8220;flexslider_slide&#8220; interval=&#8220;3&#8243; images=&#8220;2346,2348,2350,2352,2354,2356&#8243; img_size=&#8220;full&#8220;][\/vc_column][\/vc_row][vc_row][vc_column][vc_column_text css=&#8220;&#8220;]Die Silhouette der westlich von Sant Antoni gelegenen Inselgruppe Islotes de Poniente bestimmt [&hellip;]<\/p>\n","protected":false},"author":1,"featured_media":29833,"parent":29529,"menu_order":0,"comment_status":"closed","ping_status":"closed","template":"","meta":{"_acf_changed":false,"jnews_page_loop":{"enable_page_loop":"0","first_title":"Latest Post","second_title":"","header_type":"heading_6","header_background":"","header_text_color":"","layout":"right-sidebar","sidebar":"default-sidebar","second_sidebar":"default-sidebar","sticky_sidebar":"1","module":"3","boxed":"0","boxed_shadow":"0","box_shadow":"0","excerpt_length":"20","content_date":"default","date_custom":"Y\/m\/d","content_pagination":"nav_1","pagination_align":"center","show_navtext":"0","show_pageinfo":"0","post_offset":"0","posts_per_page":"5","include_post":"","exclude_post":"","include_category":"","exclude_category":"","include_author":"","include_tag":"","exclude_tag":"","sort_by":"latest","main_custom_image_size":"default","second_custom_image_size":"default","post_sticky":"0"},"jnews_single_page":{"layout":"right-sidebar","sidebar":"gen-aleman","second_sidebar":"default-sidebar","sticky_sidebar":"1","show_post_featured":"0","show_post_meta":"0","share_position":"hide","share_color":"share-monocrhome","show_post_title":"1","show_post_breadcrumbs":"1"},"footnotes":""},"class_list":["post-29831","page","type-page","status-publish","has-post-thumbnail","hentry"],"acf":[],"yoast_head":"<!-- This site is optimized with the Yoast SEO plugin v26.7 - https:\/\/yoast.com\/wordpress\/plugins\/seo\/ -->\n<title>Artenvielfalt - Es N\u00e0utic<\/title>\n<meta name=\"robots\" content=\"index, follow, max-snippet:-1, max-image-preview:large, max-video-preview:-1\" \/>\n<link rel=\"canonical\" href=\"https:\/\/www.esnautic.com\/de\/natur-und-umwelt\/artenvielfalt\/\" \/>\n<meta property=\"og:locale\" content=\"de_DE\" \/>\n<meta property=\"og:type\" content=\"article\" \/>\n<meta property=\"og:title\" content=\"Artenvielfalt - Es N\u00e0utic\" \/>\n<meta property=\"og:description\" content=\"[vc_row][vc_column][vc_column_text css=&#8220;&#8220; el_class=&#8220;subtit_page&#8220;] Naturschutzgebiet Es Vedr\u00e0, Es Vedranell und Illots de Ponent [\/vc_column_text][vc_gallery type=&#8220;flexslider_slide&#8220; interval=&#8220;3&#8243; images=&#8220;2346,2348,2350,2352,2354,2356&#8243; img_size=&#8220;full&#8220;][\/vc_column][\/vc_row][vc_row][vc_column][vc_column_text css=&#8220;&#8220;]Die Silhouette der westlich von Sant Antoni gelegenen Inselgruppe Islotes de Poniente bestimmt [&hellip;]\" \/>\n<meta property=\"og:url\" content=\"https:\/\/www.esnautic.com\/de\/natur-und-umwelt\/artenvielfalt\/\" \/>\n<meta property=\"og:site_name\" content=\"Es N\u00e0utic\" \/>\n<meta property=\"article:modified_time\" content=\"2025-07-23T09:55:55+00:00\" \/>\n<meta property=\"og:image\" content=\"https:\/\/www.esnautic.com\/wp-content\/uploads\/2022\/09\/DSC_8585.jpg\" \/>\n\t<meta property=\"og:image:width\" content=\"1200\" \/>\n\t<meta property=\"og:image:height\" content=\"800\" \/>\n\t<meta property=\"og:image:type\" content=\"image\/jpeg\" \/>\n<meta name=\"twitter:card\" content=\"summary_large_image\" \/>\n<meta name=\"twitter:label1\" content=\"Gesch\u00e4tzte Lesezeit\" \/>\n\t<meta name=\"twitter:data1\" content=\"3\u00a0Minuten\" \/>\n<script type=\"application\/ld+json\" class=\"yoast-schema-graph\">{\"@context\":\"https:\/\/schema.org\",\"@graph\":[{\"@type\":\"WebPage\",\"@id\":\"https:\/\/www.esnautic.com\/de\/natur-und-umwelt\/artenvielfalt\/\",\"url\":\"https:\/\/www.esnautic.com\/de\/natur-und-umwelt\/artenvielfalt\/\",\"name\":\"Artenvielfalt - Es N\u00e0utic\",\"isPartOf\":{\"@id\":\"https:\/\/www.esnautic.com\/#website\"},\"primaryImageOfPage\":{\"@id\":\"https:\/\/www.esnautic.com\/de\/natur-und-umwelt\/artenvielfalt\/#primaryimage\"},\"image\":{\"@id\":\"https:\/\/www.esnautic.com\/de\/natur-und-umwelt\/artenvielfalt\/#primaryimage\"},\"thumbnailUrl\":\"https:\/\/www.esnautic.com\/wp-content\/uploads\/2022\/09\/DSC_8585.jpg\",\"datePublished\":\"2022-09-27T11:03:01+00:00\",\"dateModified\":\"2025-07-23T09:55:55+00:00\",\"breadcrumb\":{\"@id\":\"https:\/\/www.esnautic.com\/de\/natur-und-umwelt\/artenvielfalt\/#breadcrumb\"},\"inLanguage\":\"de\",\"potentialAction\":[{\"@type\":\"ReadAction\",\"target\":[\"https:\/\/www.esnautic.com\/de\/natur-und-umwelt\/artenvielfalt\/\"]}]},{\"@type\":\"ImageObject\",\"inLanguage\":\"de\",\"@id\":\"https:\/\/www.esnautic.com\/de\/natur-und-umwelt\/artenvielfalt\/#primaryimage\",\"url\":\"https:\/\/www.esnautic.com\/wp-content\/uploads\/2022\/09\/DSC_8585.jpg\",\"contentUrl\":\"https:\/\/www.esnautic.com\/wp-content\/uploads\/2022\/09\/DSC_8585.jpg\",\"width\":1200,\"height\":800},{\"@type\":\"BreadcrumbList\",\"@id\":\"https:\/\/www.esnautic.com\/de\/natur-und-umwelt\/artenvielfalt\/#breadcrumb\",\"itemListElement\":[{\"@type\":\"ListItem\",\"position\":1,\"name\":\"Startseite\",\"item\":\"https:\/\/www.esnautic.com\/de\/\"},{\"@type\":\"ListItem\",\"position\":2,\"name\":\"Natur und Umwelt\",\"item\":\"https:\/\/www.esnautic.com\/de\/natur-und-umwelt\/\"},{\"@type\":\"ListItem\",\"position\":3,\"name\":\"Artenvielfalt\"}]},{\"@type\":\"WebSite\",\"@id\":\"https:\/\/www.esnautic.com\/#website\",\"url\":\"https:\/\/www.esnautic.com\/\",\"name\":\"Es N\u00e0utic\",\"description\":\"Club N\u00e0utic Sant Antoni\",\"potentialAction\":[{\"@type\":\"SearchAction\",\"target\":{\"@type\":\"EntryPoint\",\"urlTemplate\":\"https:\/\/www.esnautic.com\/?s={search_term_string}\"},\"query-input\":{\"@type\":\"PropertyValueSpecification\",\"valueRequired\":true,\"valueName\":\"search_term_string\"}}],\"inLanguage\":\"de\"}]}<\/script>\n<!-- \/ Yoast SEO plugin. -->","yoast_head_json":{"title":"Artenvielfalt - Es N\u00e0utic","robots":{"index":"index","follow":"follow","max-snippet":"max-snippet:-1","max-image-preview":"max-image-preview:large","max-video-preview":"max-video-preview:-1"},"canonical":"https:\/\/www.esnautic.com\/de\/natur-und-umwelt\/artenvielfalt\/","og_locale":"de_DE","og_type":"article","og_title":"Artenvielfalt - Es N\u00e0utic","og_description":"[vc_row][vc_column][vc_column_text css=&#8220;&#8220; el_class=&#8220;subtit_page&#8220;] Naturschutzgebiet Es Vedr\u00e0, Es Vedranell und Illots de Ponent [\/vc_column_text][vc_gallery type=&#8220;flexslider_slide&#8220; interval=&#8220;3&#8243; images=&#8220;2346,2348,2350,2352,2354,2356&#8243; img_size=&#8220;full&#8220;][\/vc_column][\/vc_row][vc_row][vc_column][vc_column_text css=&#8220;&#8220;]Die Silhouette der westlich von Sant Antoni gelegenen Inselgruppe Islotes de Poniente bestimmt [&hellip;]","og_url":"https:\/\/www.esnautic.com\/de\/natur-und-umwelt\/artenvielfalt\/","og_site_name":"Es N\u00e0utic","article_modified_time":"2025-07-23T09:55:55+00:00","og_image":[{"width":1200,"height":800,"url":"https:\/\/www.esnautic.com\/wp-content\/uploads\/2022\/09\/DSC_8585.jpg","type":"image\/jpeg"}],"twitter_card":"summary_large_image","twitter_misc":{"Gesch\u00e4tzte Lesezeit":"3\u00a0Minuten"},"schema":{"@context":"https:\/\/schema.org","@graph":[{"@type":"WebPage","@id":"https:\/\/www.esnautic.com\/de\/natur-und-umwelt\/artenvielfalt\/","url":"https:\/\/www.esnautic.com\/de\/natur-und-umwelt\/artenvielfalt\/","name":"Artenvielfalt - Es N\u00e0utic","isPartOf":{"@id":"https:\/\/www.esnautic.com\/#website"},"primaryImageOfPage":{"@id":"https:\/\/www.esnautic.com\/de\/natur-und-umwelt\/artenvielfalt\/#primaryimage"},"image":{"@id":"https:\/\/www.esnautic.com\/de\/natur-und-umwelt\/artenvielfalt\/#primaryimage"},"thumbnailUrl":"https:\/\/www.esnautic.com\/wp-content\/uploads\/2022\/09\/DSC_8585.jpg","datePublished":"2022-09-27T11:03:01+00:00","dateModified":"2025-07-23T09:55:55+00:00","breadcrumb":{"@id":"https:\/\/www.esnautic.com\/de\/natur-und-umwelt\/artenvielfalt\/#breadcrumb"},"inLanguage":"de","potentialAction":[{"@type":"ReadAction","target":["https:\/\/www.esnautic.com\/de\/natur-und-umwelt\/artenvielfalt\/"]}]},{"@type":"ImageObject","inLanguage":"de","@id":"https:\/\/www.esnautic.com\/de\/natur-und-umwelt\/artenvielfalt\/#primaryimage","url":"https:\/\/www.esnautic.com\/wp-content\/uploads\/2022\/09\/DSC_8585.jpg","contentUrl":"https:\/\/www.esnautic.com\/wp-content\/uploads\/2022\/09\/DSC_8585.jpg","width":1200,"height":800},{"@type":"BreadcrumbList","@id":"https:\/\/www.esnautic.com\/de\/natur-und-umwelt\/artenvielfalt\/#breadcrumb","itemListElement":[{"@type":"ListItem","position":1,"name":"Startseite","item":"https:\/\/www.esnautic.com\/de\/"},{"@type":"ListItem","position":2,"name":"Natur und Umwelt","item":"https:\/\/www.esnautic.com\/de\/natur-und-umwelt\/"},{"@type":"ListItem","position":3,"name":"Artenvielfalt"}]},{"@type":"WebSite","@id":"https:\/\/www.esnautic.com\/#website","url":"https:\/\/www.esnautic.com\/","name":"Es N\u00e0utic","description":"Club N\u00e0utic Sant Antoni","potentialAction":[{"@type":"SearchAction","target":{"@type":"EntryPoint","urlTemplate":"https:\/\/www.esnautic.com\/?s={search_term_string}"},"query-input":{"@type":"PropertyValueSpecification","valueRequired":true,"valueName":"search_term_string"}}],"inLanguage":"de"}]}},"_links":{"self":[{"href":"https:\/\/www.esnautic.com\/de\/wp-json\/wp\/v2\/pages\/29831","targetHints":{"allow":["GET"]}}],"collection":[{"href":"https:\/\/www.esnautic.com\/de\/wp-json\/wp\/v2\/pages"}],"about":[{"href":"https:\/\/www.esnautic.com\/de\/wp-json\/wp\/v2\/types\/page"}],"author":[{"embeddable":true,"href":"https:\/\/www.esnautic.com\/de\/wp-json\/wp\/v2\/users\/1"}],"replies":[{"embeddable":true,"href":"https:\/\/www.esnautic.com\/de\/wp-json\/wp\/v2\/comments?post=29831"}],"version-history":[{"count":4,"href":"https:\/\/www.esnautic.com\/de\/wp-json\/wp\/v2\/pages\/29831\/revisions"}],"predecessor-version":[{"id":30478,"href":"https:\/\/www.esnautic.com\/de\/wp-json\/wp\/v2\/pages\/29831\/revisions\/30478"}],"up":[{"embeddable":true,"href":"https:\/\/www.esnautic.com\/de\/wp-json\/wp\/v2\/pages\/29529"}],"wp:featuredmedia":[{"embeddable":true,"href":"https:\/\/www.esnautic.com\/de\/wp-json\/wp\/v2\/media\/29833"}],"wp:attachment":[{"href":"https:\/\/www.esnautic.com\/de\/wp-json\/wp\/v2\/media?parent=29831"}],"curies":[{"name":"wp","href":"https:\/\/api.w.org\/{rel}","templated":true}]}}