{"id":29913,"date":"2022-09-27T12:46:52","date_gmt":"2022-09-27T10:46:52","guid":{"rendered":"https:\/\/www.esnautic.com\/natur-und-umwelt\/costa-de-poniente\/cala-salada\/"},"modified":"2025-07-22T09:50:57","modified_gmt":"2025-07-22T07:50:57","slug":"cala-salada","status":"publish","type":"page","link":"https:\/\/www.esnautic.com\/de\/natur-und-umwelt\/costa-de-poniente\/cala-salada\/","title":{"rendered":"Cala Salada"},"content":{"rendered":"<div class=\"wpb-content-wrapper\"><p>[vc_row][vc_column][vc_gallery type=&#8220;flexslider_slide&#8220; interval=&#8220;3&#8243; images=&#8220;2312,2314,2316,2318&#8243; img_size=&#8220;full&#8220;][vc_column_text css=&#8220;&#8220;]<span style=\"font-weight: 400;\">Cala Salada markiert den Beginn des Naturgebiets Es Amunts, das sich \u00fcber den gesamten Norden der Insel bis zur K\u00fcste von Sant Carles erstreckt. Hier befindet sich auch der letzte sandige K\u00fcstenabschnitt der Gemeinde, wo es zwei Str\u00e4nde gibt. Der gr\u00f6\u00dfte ist weitl\u00e4ufiger und verf\u00fcgt \u00fcber eine Reihe von Bootsh\u00e4usern an der S\u00fcdflanke, die in die lehmige Klippe gegraben wurden. Es gibt dort Liegest\u00fchle, Sonnenschirme und ein Restaurant mit Meeresk\u00fcche.<\/span><\/p>\n<p><span style=\"font-weight: 400;\">Der andere Strand, die Cala Saladeta, im Norden, bietet eine der ikonischsten und eine geradezu paradiesische Ansicht von Sant Antoni wegen der intensiv leuchtenden T\u00fcrkisfarbe des Wassers und des wei\u00dfen Sandstrands, der sich mit einigen Felsen abwechselt. Auch hier gibt es einige Bootsh\u00e4uschen.<\/span><\/p>\n<p><span style=\"font-weight: 400;\">Der Zugang zur Cala Salada mit dem Auto ist auf die Kapazit\u00e4t des Parkplatzes beschr\u00e4nkt, sodass viele Badeg\u00e4ste mit \u00f6ffentlichen Verkehrsmitteln oder mit dem Boot anreisen. Beide Str\u00e4nde werden durch ein auff\u00e4lliges Geb\u00e4ude namens Casa Rosada getrennt, das Mitte des 20. Jahrhunderts erbaut wurde.<\/span>[\/vc_column_text][\/vc_column][\/vc_row]<\/p>\n<\/div>","protected":false},"excerpt":{"rendered":"<p>[vc_row][vc_column][vc_gallery type=&#8220;flexslider_slide&#8220; interval=&#8220;3&#8243; images=&#8220;2312,2314,2316,2318&#8243; img_size=&#8220;full&#8220;][vc_column_text css=&#8220;&#8220;]Cala Salada markiert den Beginn des Naturgebiets Es Amunts, das sich \u00fcber den gesamten Norden der Insel bis zur K\u00fcste von Sant Carles erstreckt. Hier [&hellip;]<\/p>\n","protected":false},"author":1,"featured_media":29915,"parent":29532,"menu_order":0,"comment_status":"closed","ping_status":"closed","template":"","meta":{"_acf_changed":false,"jnews_page_loop":{"enable_page_loop":"0","first_title":"Latest Post","second_title":"","header_type":"heading_6","header_background":"","header_text_color":"","layout":"right-sidebar","sidebar":"default-sidebar","second_sidebar":"default-sidebar","sticky_sidebar":"1","module":"3","boxed":"0","boxed_shadow":"0","box_shadow":"0","excerpt_length":"20","content_date":"default","date_custom":"Y\/m\/d","content_pagination":"nav_1","pagination_align":"center","show_navtext":"0","show_pageinfo":"0","post_offset":"0","posts_per_page":"5","include_post":"","exclude_post":"","include_category":"","exclude_category":"","include_author":"","include_tag":"","exclude_tag":"","sort_by":"latest","main_custom_image_size":"default","second_custom_image_size":"default","post_sticky":"0"},"jnews_single_page":{"layout":"right-sidebar","sidebar":"gen-aleman","second_sidebar":"default-sidebar","sticky_sidebar":"1","show_post_featured":"0","show_post_meta":"0","share_position":"hide","share_color":"share-monocrhome","show_post_title":"1","show_post_breadcrumbs":"1"},"footnotes":""},"class_list":["post-29913","page","type-page","status-publish","has-post-thumbnail","hentry"],"acf":[],"yoast_head":"<!-- This site is optimized with the Yoast SEO plugin v26.7 - https:\/\/yoast.com\/wordpress\/plugins\/seo\/ -->\n<title>Cala Salada - Es N\u00e0utic<\/title>\n<meta name=\"robots\" content=\"index, follow, max-snippet:-1, max-image-preview:large, max-video-preview:-1\" \/>\n<link rel=\"canonical\" href=\"https:\/\/www.esnautic.com\/de\/natur-und-umwelt\/costa-de-poniente\/cala-salada\/\" \/>\n<meta property=\"og:locale\" content=\"de_DE\" \/>\n<meta property=\"og:type\" content=\"article\" \/>\n<meta property=\"og:title\" content=\"Cala Salada - Es N\u00e0utic\" \/>\n<meta property=\"og:description\" content=\"[vc_row][vc_column][vc_gallery type=&#8220;flexslider_slide&#8220; interval=&#8220;3&#8243; images=&#8220;2312,2314,2316,2318&#8243; img_size=&#8220;full&#8220;][vc_column_text css=&#8220;&#8220;]Cala Salada markiert den Beginn des Naturgebiets Es Amunts, das sich \u00fcber den gesamten Norden der Insel bis zur K\u00fcste von Sant Carles erstreckt. Hier [&hellip;]\" \/>\n<meta property=\"og:url\" content=\"https:\/\/www.esnautic.com\/de\/natur-und-umwelt\/costa-de-poniente\/cala-salada\/\" \/>\n<meta property=\"og:site_name\" content=\"Es N\u00e0utic\" \/>\n<meta property=\"article:modified_time\" content=\"2025-07-22T07:50:57+00:00\" \/>\n<meta property=\"og:image\" content=\"https:\/\/www.esnautic.com\/wp-content\/uploads\/2022\/09\/DSC_2092.jpg\" \/>\n\t<meta property=\"og:image:width\" content=\"1200\" \/>\n\t<meta property=\"og:image:height\" content=\"800\" \/>\n\t<meta property=\"og:image:type\" content=\"image\/jpeg\" \/>\n<meta name=\"twitter:card\" content=\"summary_large_image\" \/>\n<meta name=\"twitter:label1\" content=\"Gesch\u00e4tzte Lesezeit\" \/>\n\t<meta name=\"twitter:data1\" content=\"2\u00a0Minuten\" \/>\n<script type=\"application\/ld+json\" class=\"yoast-schema-graph\">{\"@context\":\"https:\/\/schema.org\",\"@graph\":[{\"@type\":\"WebPage\",\"@id\":\"https:\/\/www.esnautic.com\/de\/natur-und-umwelt\/costa-de-poniente\/cala-salada\/\",\"url\":\"https:\/\/www.esnautic.com\/de\/natur-und-umwelt\/costa-de-poniente\/cala-salada\/\",\"name\":\"Cala Salada - Es N\u00e0utic\",\"isPartOf\":{\"@id\":\"https:\/\/www.esnautic.com\/#website\"},\"primaryImageOfPage\":{\"@id\":\"https:\/\/www.esnautic.com\/de\/natur-und-umwelt\/costa-de-poniente\/cala-salada\/#primaryimage\"},\"image\":{\"@id\":\"https:\/\/www.esnautic.com\/de\/natur-und-umwelt\/costa-de-poniente\/cala-salada\/#primaryimage\"},\"thumbnailUrl\":\"https:\/\/www.esnautic.com\/wp-content\/uploads\/2022\/09\/DSC_2092.jpg\",\"datePublished\":\"2022-09-27T10:46:52+00:00\",\"dateModified\":\"2025-07-22T07:50:57+00:00\",\"breadcrumb\":{\"@id\":\"https:\/\/www.esnautic.com\/de\/natur-und-umwelt\/costa-de-poniente\/cala-salada\/#breadcrumb\"},\"inLanguage\":\"de\",\"potentialAction\":[{\"@type\":\"ReadAction\",\"target\":[\"https:\/\/www.esnautic.com\/de\/natur-und-umwelt\/costa-de-poniente\/cala-salada\/\"]}]},{\"@type\":\"ImageObject\",\"inLanguage\":\"de\",\"@id\":\"https:\/\/www.esnautic.com\/de\/natur-und-umwelt\/costa-de-poniente\/cala-salada\/#primaryimage\",\"url\":\"https:\/\/www.esnautic.com\/wp-content\/uploads\/2022\/09\/DSC_2092.jpg\",\"contentUrl\":\"https:\/\/www.esnautic.com\/wp-content\/uploads\/2022\/09\/DSC_2092.jpg\",\"width\":1200,\"height\":800},{\"@type\":\"BreadcrumbList\",\"@id\":\"https:\/\/www.esnautic.com\/de\/natur-und-umwelt\/costa-de-poniente\/cala-salada\/#breadcrumb\",\"itemListElement\":[{\"@type\":\"ListItem\",\"position\":1,\"name\":\"Startseite\",\"item\":\"https:\/\/www.esnautic.com\/de\/\"},{\"@type\":\"ListItem\",\"position\":2,\"name\":\"Natur und Umwelt\",\"item\":\"https:\/\/www.esnautic.com\/de\/natur-und-umwelt\/\"},{\"@type\":\"ListItem\",\"position\":3,\"name\":\"Costa de Poniente\",\"item\":\"https:\/\/www.esnautic.com\/de\/natur-und-umwelt\/costa-de-poniente\/\"},{\"@type\":\"ListItem\",\"position\":4,\"name\":\"Cala Salada\"}]},{\"@type\":\"WebSite\",\"@id\":\"https:\/\/www.esnautic.com\/#website\",\"url\":\"https:\/\/www.esnautic.com\/\",\"name\":\"Es N\u00e0utic\",\"description\":\"Club N\u00e0utic Sant Antoni\",\"potentialAction\":[{\"@type\":\"SearchAction\",\"target\":{\"@type\":\"EntryPoint\",\"urlTemplate\":\"https:\/\/www.esnautic.com\/?s={search_term_string}\"},\"query-input\":{\"@type\":\"PropertyValueSpecification\",\"valueRequired\":true,\"valueName\":\"search_term_string\"}}],\"inLanguage\":\"de\"}]}<\/script>\n<!-- \/ Yoast SEO plugin. -->","yoast_head_json":{"title":"Cala Salada - Es N\u00e0utic","robots":{"index":"index","follow":"follow","max-snippet":"max-snippet:-1","max-image-preview":"max-image-preview:large","max-video-preview":"max-video-preview:-1"},"canonical":"https:\/\/www.esnautic.com\/de\/natur-und-umwelt\/costa-de-poniente\/cala-salada\/","og_locale":"de_DE","og_type":"article","og_title":"Cala Salada - Es N\u00e0utic","og_description":"[vc_row][vc_column][vc_gallery type=&#8220;flexslider_slide&#8220; interval=&#8220;3&#8243; images=&#8220;2312,2314,2316,2318&#8243; img_size=&#8220;full&#8220;][vc_column_text css=&#8220;&#8220;]Cala Salada markiert den Beginn des Naturgebiets Es Amunts, das sich \u00fcber den gesamten Norden der Insel bis zur K\u00fcste von Sant Carles erstreckt. Hier [&hellip;]","og_url":"https:\/\/www.esnautic.com\/de\/natur-und-umwelt\/costa-de-poniente\/cala-salada\/","og_site_name":"Es N\u00e0utic","article_modified_time":"2025-07-22T07:50:57+00:00","og_image":[{"width":1200,"height":800,"url":"https:\/\/www.esnautic.com\/wp-content\/uploads\/2022\/09\/DSC_2092.jpg","type":"image\/jpeg"}],"twitter_card":"summary_large_image","twitter_misc":{"Gesch\u00e4tzte Lesezeit":"2\u00a0Minuten"},"schema":{"@context":"https:\/\/schema.org","@graph":[{"@type":"WebPage","@id":"https:\/\/www.esnautic.com\/de\/natur-und-umwelt\/costa-de-poniente\/cala-salada\/","url":"https:\/\/www.esnautic.com\/de\/natur-und-umwelt\/costa-de-poniente\/cala-salada\/","name":"Cala Salada - Es N\u00e0utic","isPartOf":{"@id":"https:\/\/www.esnautic.com\/#website"},"primaryImageOfPage":{"@id":"https:\/\/www.esnautic.com\/de\/natur-und-umwelt\/costa-de-poniente\/cala-salada\/#primaryimage"},"image":{"@id":"https:\/\/www.esnautic.com\/de\/natur-und-umwelt\/costa-de-poniente\/cala-salada\/#primaryimage"},"thumbnailUrl":"https:\/\/www.esnautic.com\/wp-content\/uploads\/2022\/09\/DSC_2092.jpg","datePublished":"2022-09-27T10:46:52+00:00","dateModified":"2025-07-22T07:50:57+00:00","breadcrumb":{"@id":"https:\/\/www.esnautic.com\/de\/natur-und-umwelt\/costa-de-poniente\/cala-salada\/#breadcrumb"},"inLanguage":"de","potentialAction":[{"@type":"ReadAction","target":["https:\/\/www.esnautic.com\/de\/natur-und-umwelt\/costa-de-poniente\/cala-salada\/"]}]},{"@type":"ImageObject","inLanguage":"de","@id":"https:\/\/www.esnautic.com\/de\/natur-und-umwelt\/costa-de-poniente\/cala-salada\/#primaryimage","url":"https:\/\/www.esnautic.com\/wp-content\/uploads\/2022\/09\/DSC_2092.jpg","contentUrl":"https:\/\/www.esnautic.com\/wp-content\/uploads\/2022\/09\/DSC_2092.jpg","width":1200,"height":800},{"@type":"BreadcrumbList","@id":"https:\/\/www.esnautic.com\/de\/natur-und-umwelt\/costa-de-poniente\/cala-salada\/#breadcrumb","itemListElement":[{"@type":"ListItem","position":1,"name":"Startseite","item":"https:\/\/www.esnautic.com\/de\/"},{"@type":"ListItem","position":2,"name":"Natur und Umwelt","item":"https:\/\/www.esnautic.com\/de\/natur-und-umwelt\/"},{"@type":"ListItem","position":3,"name":"Costa de Poniente","item":"https:\/\/www.esnautic.com\/de\/natur-und-umwelt\/costa-de-poniente\/"},{"@type":"ListItem","position":4,"name":"Cala Salada"}]},{"@type":"WebSite","@id":"https:\/\/www.esnautic.com\/#website","url":"https:\/\/www.esnautic.com\/","name":"Es N\u00e0utic","description":"Club N\u00e0utic Sant Antoni","potentialAction":[{"@type":"SearchAction","target":{"@type":"EntryPoint","urlTemplate":"https:\/\/www.esnautic.com\/?s={search_term_string}"},"query-input":{"@type":"PropertyValueSpecification","valueRequired":true,"valueName":"search_term_string"}}],"inLanguage":"de"}]}},"_links":{"self":[{"href":"https:\/\/www.esnautic.com\/de\/wp-json\/wp\/v2\/pages\/29913","targetHints":{"allow":["GET"]}}],"collection":[{"href":"https:\/\/www.esnautic.com\/de\/wp-json\/wp\/v2\/pages"}],"about":[{"href":"https:\/\/www.esnautic.com\/de\/wp-json\/wp\/v2\/types\/page"}],"author":[{"embeddable":true,"href":"https:\/\/www.esnautic.com\/de\/wp-json\/wp\/v2\/users\/1"}],"replies":[{"embeddable":true,"href":"https:\/\/www.esnautic.com\/de\/wp-json\/wp\/v2\/comments?post=29913"}],"version-history":[{"count":2,"href":"https:\/\/www.esnautic.com\/de\/wp-json\/wp\/v2\/pages\/29913\/revisions"}],"predecessor-version":[{"id":29919,"href":"https:\/\/www.esnautic.com\/de\/wp-json\/wp\/v2\/pages\/29913\/revisions\/29919"}],"up":[{"embeddable":true,"href":"https:\/\/www.esnautic.com\/de\/wp-json\/wp\/v2\/pages\/29532"}],"wp:featuredmedia":[{"embeddable":true,"href":"https:\/\/www.esnautic.com\/de\/wp-json\/wp\/v2\/media\/29915"}],"wp:attachment":[{"href":"https:\/\/www.esnautic.com\/de\/wp-json\/wp\/v2\/media?parent=29913"}],"curies":[{"name":"wp","href":"https:\/\/api.w.org\/{rel}","templated":true}]}}